{"version":"1.0","provider_name":"Cyberconfiance","provider_url":"https:\/\/www.cyberconfiance.ma\/ar","author_name":"admin01","author_url":"https:\/\/www.cyberconfiance.ma\/ar\/author\/admin01\/","title":"CONF\u00c9RENCE NATIONALE SAFER INTERNET DAY-MOROCCO 2022 - Cyberconfiance","type":"rich","width":600,"height":338,"html":"<blockquote class=\"wp-embedded-content\" data-secret=\"KwphrQE1nA\"><a href=\"https:\/\/www.cyberconfiance.ma\/ar\/2022\/02\/09\/conference-nationale-safer-internet-day-morocco-2022\/\">\u0627\u0644\u0645\u0624\u062a\u0645\u0631 \u0627\u0644\u0648\u0637\u0646\u064a \u0644\u064a\u0648\u0645 \u0627\u0644\u0625\u0646\u062a\u0631\u0646\u062a \u0627\u0644\u0622\u0645\u0646 - \u0627\u0644\u0645\u063a\u0631\u0628 2022<\/a><\/blockquote><iframe sandbox=\"allow-scripts\" security=\"restricted\" src=\"https:\/\/www.cyberconfiance.ma\/ar\/2022\/02\/09\/conference-nationale-safer-internet-day-morocco-2022\/embed\/#?secret=KwphrQE1nA\" width=\"600\" height=\"338\" title=\"&#8220;CONF\u00c9RENCE NATIONALE SAFER INTERNET DAY-MOROCCO 2022&#8221; &#8212; Cyberconfiance\" data-secret=\"KwphrQE1nA\" frameborder=\"0\" marginwidth=\"0\" marginheight=\"0\" scrolling=\"no\" class=\"wp-embedded-content\"><\/iframe><script>\n\/*! This file is auto-generated *\/\n!function(d,l){\"use strict\";l.querySelector&&d.addEventListener&&\"undefined\"!=typeof URL&&(d.wp=d.wp||{},d.wp.receiveEmbedMessage||(d.wp.receiveEmbedMessage=function(e){var t=e.data;if((t||t.secret||t.message||t.value)&&!\/[^a-zA-Z0-9]\/.test(t.secret)){for(var s,r,n,a=l.querySelectorAll('iframe[data-secret=\"'+t.secret+'\"]'),o=l.querySelectorAll('blockquote[data-secret=\"'+t.secret+'\"]'),c=new RegExp(\"^https?:$\",\"i\"),i=0;i<o.length;i++)o[i].style.display=\"none\";for(i=0;i<a.length;i++)s=a[i],e.source===s.contentWindow&&(s.removeAttribute(\"style\"),\"height\"===t.message?(1e3<(r=parseInt(t.value,10))?r=1e3:~~r<200&&(r=200),s.height=r):\"link\"===t.message&&(r=new URL(s.getAttribute(\"src\")),n=new URL(t.value),c.test(n.protocol))&&n.host===r.host&&l.activeElement===s&&(d.top.location.href=t.value))}},d.addEventListener(\"message\",d.wp.receiveEmbedMessage,!1),l.addEventListener(\"DOMContentLoaded\",function(){for(var e,t,s=l.querySelectorAll(\"iframe.wp-embedded-content\"),r=0;r<s.length;r++)(t=(e=s[r]).getAttribute(\"data-secret\"))||(t=Math.random().toString(36).substring(2,12),e.src+=\"#?secret=\"+t,e.setAttribute(\"data-secret\",t)),e.contentWindow.postMessage({message:\"ready\",secret:t},\"*\")},!1)))}(window,document);\n\/\/# sourceURL=https:\/\/www.cyberconfiance.ma\/wp-includes\/js\/wp-embed.min.js\n<\/script>","thumbnail_url":"https:\/\/www.cyberconfiance.ma\/wp-content\/uploads\/2023\/09\/FB_IMG_1644398773785.jpg","thumbnail_width":300,"thumbnail_height":200,"description":"Sous l\u2019\u00e9gide du Minist\u00e8re de la Transition Num\u00e9rique et de la R\u00e9forme de l\u2019administration, en partenariat avec le Minist\u00e8re de l\u2019Education Nationale, du Pr\u00e9scolaire et des Sports, l\u2019Agence du D\u00e9veloppement du Digital, le CMRPI et le centre Resis, et avec le soutien du Conseil de l\u2019Europe et l\u2019Union Europ\u00e9enne, la conf\u00e9rence nationale de lancement des [&hellip;]"}